{"id":14815,"date":"2020-12-14T18:22:20","date_gmt":"2020-12-14T17:22:20","guid":{"rendered":"http:\/\/enricomaciasloriental.fr\/WordPress\/?page_id=14815"},"modified":"2020-12-14T18:33:26","modified_gmt":"2020-12-14T17:33:26","slug":"auteurs-et-compositeurs","status":"publish","type":"page","link":"https:\/\/enricomaciasloriental.fr\/WordPress\/auteurs-et-compositeurs\/","title":{"rendered":"Auteurs et compositeurs"},"content":{"rendered":"\t\t<div data-elementor-type=\"wp-page\" data-elementor-id=\"14815\" class=\"elementor elementor-14815\">\n\t\t\t\t\t\t<section class=\"elementor-section elementor-top-section elementor-element elementor-element-14abcad elementor-section-boxed elementor-section-height-default elementor-section-height-default rael-particle-no\" data-id=\"14abcad\" data-element_type=\"section\" data-e-type=\"section\" data-settings=\"{&quot;rae_animations_entrance&quot;:&quot;none&quot;}\">\n\t\t\t\t\t\t<div class=\"elementor-container elementor-column-gap-default\">\n\t\t\t\t\t<div class=\"elementor-column elementor-col-33 elementor-top-column elementor-element elementor-element-10d74b6 rael-particle-no\" data-id=\"10d74b6\" data-element_type=\"column\" data-e-type=\"column\">\n\t\t\t<div class=\"elementor-widget-wrap\">\n\t\t\t\t\t\t\t<\/div>\n\t\t<\/div>\n\t\t\t\t<div class=\"elementor-column elementor-col-33 elementor-top-column elementor-element elementor-element-570c1ab rael-particle-no\" data-id=\"570c1ab\" data-element_type=\"column\" data-e-type=\"column\">\n\t\t\t<div class=\"elementor-widget-wrap elementor-element-populated\">\n\t\t\t\t\t\t<div class=\"elementor-element elementor-element-c8caa11 elementor-widget elementor-widget-heading\" data-id=\"c8caa11\" data-element_type=\"widget\" data-e-type=\"widget\" id=\"jacques_demarny\" data-widget_type=\"heading.default\">\n\t\t\t\t<div class=\"elementor-widget-container\">\n\t\t\t\t\t<h1 class=\"elementor-heading-title elementor-size-default\">Jacques Demarny<\/h1>\t\t\t\t<\/div>\n\t\t\t\t<\/div>\n\t\t\t\t\t<\/div>\n\t\t<\/div>\n\t\t\t\t<div class=\"elementor-column elementor-col-33 elementor-top-column elementor-element elementor-element-ac53e41 rael-particle-no\" data-id=\"ac53e41\" data-element_type=\"column\" data-e-type=\"column\">\n\t\t\t<div class=\"elementor-widget-wrap elementor-element-populated\">\n\t\t\t\t\t\t<div class=\"elementor-element elementor-element-a6fee65 elementor-widget__width-initial elementor-widget elementor-widget-rael_audio\" data-id=\"a6fee65\" data-element_type=\"widget\" data-e-type=\"widget\" data-widget_type=\"rael_audio.default\">\n\t\t\t\t<div class=\"elementor-widget-container\">\n\t\t\t\t\t<section class=\"widget-container rael-widget-audio\"><audio class=\"wp-audio-shortcode rael-player-dark\" id=\"audio-14815-1\" loop style=\"width: 100%;\" controls=\"controls\"><source type=\"audio\/mpeg\" src=\"https:\/\/enricomaciasloriental.fr\/WordPress\/wp-content\/uploads\/\/2020\/12\/lesgensdunordweb2.mp3?_=1\" \/><a href=\"https:\/\/enricomaciasloriental.fr\/WordPress\/wp-content\/uploads\/\/2020\/12\/lesgensdunordweb2.mp3\">https:\/\/enricomaciasloriental.fr\/WordPress\/wp-content\/uploads\/\/2020\/12\/lesgensdunordweb2.mp3<\/a><\/audio><\/section>\t\t\t\t<\/div>\n\t\t\t\t<\/div>\n\t\t\t\t\t<\/div>\n\t\t<\/div>\n\t\t\t\t\t<\/div>\n\t\t<\/section>\n\t\t\t\t<section class=\"elementor-section elementor-top-section elementor-element elementor-element-215cb37 elementor-section-boxed elementor-section-height-default elementor-section-height-default rael-particle-no\" data-id=\"215cb37\" data-element_type=\"section\" data-e-type=\"section\" data-settings=\"{&quot;rae_animations_entrance&quot;:&quot;none&quot;}\">\n\t\t\t\t\t\t<div class=\"elementor-container elementor-column-gap-default\">\n\t\t\t\t\t<div class=\"elementor-column elementor-col-100 elementor-top-column elementor-element elementor-element-45e84d5 rael-particle-no\" data-id=\"45e84d5\" data-element_type=\"column\" data-e-type=\"column\">\n\t\t\t<div class=\"elementor-widget-wrap elementor-element-populated\">\n\t\t\t\t\t\t<div class=\"elementor-element elementor-element-07fe136 elementor-widget elementor-widget-image\" data-id=\"07fe136\" data-element_type=\"widget\" data-e-type=\"widget\" data-widget_type=\"image.default\">\n\t\t\t\t<div class=\"elementor-widget-container\">\n\t\t\t\t\t\t\t\t\t\t\t\t\t\t\t<img fetchpriority=\"high\" decoding=\"async\" width=\"600\" height=\"399\" src=\"https:\/\/enricomaciasloriental.fr\/WordPress\/wp-content\/uploads\/\/2020\/12\/enricomaciasjacquesdemarny.jpg\" class=\"attachment-large size-large wp-image-14505\" alt=\"\" srcset=\"https:\/\/enricomaciasloriental.fr\/WordPress\/wp-content\/uploads\/2020\/12\/enricomaciasjacquesdemarny.jpg 600w, https:\/\/enricomaciasloriental.fr\/WordPress\/wp-content\/uploads\/2020\/12\/enricomaciasjacquesdemarny-350x233.jpg 350w, https:\/\/enricomaciasloriental.fr\/WordPress\/wp-content\/uploads\/2020\/12\/enricomaciasjacquesdemarny-100x67.jpg 100w, https:\/\/enricomaciasloriental.fr\/WordPress\/wp-content\/uploads\/2020\/12\/enricomaciasjacquesdemarny-150x100.jpg 150w, https:\/\/enricomaciasloriental.fr\/WordPress\/wp-content\/uploads\/2020\/12\/enricomaciasjacquesdemarny-200x133.jpg 200w, https:\/\/enricomaciasloriental.fr\/WordPress\/wp-content\/uploads\/2020\/12\/enricomaciasjacquesdemarny-300x200.jpg 300w, https:\/\/enricomaciasloriental.fr\/WordPress\/wp-content\/uploads\/2020\/12\/enricomaciasjacquesdemarny-450x299.jpg 450w\" sizes=\"(max-width: 600px) 100vw, 600px\" \/>\t\t\t\t\t\t\t\t\t\t\t\t\t\t\t<\/div>\n\t\t\t\t<\/div>\n\t\t\t\t<section class=\"elementor-section elementor-inner-section elementor-element elementor-element-2578b28 elementor-section-boxed elementor-section-height-default elementor-section-height-default rael-particle-no\" data-id=\"2578b28\" data-element_type=\"section\" data-e-type=\"section\" data-settings=\"{&quot;rae_animations_entrance&quot;:&quot;none&quot;}\">\n\t\t\t\t\t\t<div class=\"elementor-container elementor-column-gap-default\">\n\t\t\t\t\t<div class=\"elementor-column elementor-col-100 elementor-inner-column elementor-element elementor-element-fa064c8 rael-particle-no\" data-id=\"fa064c8\" data-element_type=\"column\" data-e-type=\"column\">\n\t\t\t<div class=\"elementor-widget-wrap elementor-element-populated\">\n\t\t\t\t\t\t<div class=\"elementor-element elementor-element-5426ecc elementor-widget elementor-widget-text-editor\" data-id=\"5426ecc\" data-element_type=\"widget\" data-e-type=\"widget\" data-widget_type=\"text-editor.default\">\n\t\t\t\t<div class=\"elementor-widget-container\">\n\t\t\t\t\t\t\t\t\t<p style=\"text-align: center;\">Enrico Macias en compagnie de Jacques Demarny et son \u00e9pouse<br \/>Olympia novembre 2006<\/p>\t\t\t\t\t\t\t\t<\/div>\n\t\t\t\t<\/div>\n\t\t\t\t\t<\/div>\n\t\t<\/div>\n\t\t\t\t\t<\/div>\n\t\t<\/section>\n\t\t\t\t\t<\/div>\n\t\t<\/div>\n\t\t\t\t\t<\/div>\n\t\t<\/section>\n\t\t\t\t<section class=\"elementor-section elementor-top-section elementor-element elementor-element-6e90967 elementor-section-boxed elementor-section-height-default elementor-section-height-default rael-particle-no\" data-id=\"6e90967\" data-element_type=\"section\" data-e-type=\"section\" data-settings=\"{&quot;rae_animations_entrance&quot;:&quot;none&quot;}\">\n\t\t\t\t\t\t<div class=\"elementor-container elementor-column-gap-default\">\n\t\t\t\t\t<div class=\"elementor-column elementor-col-100 elementor-top-column elementor-element elementor-element-ac5b5b8 rael-particle-no\" data-id=\"ac5b5b8\" data-element_type=\"column\" data-e-type=\"column\">\n\t\t\t<div class=\"elementor-widget-wrap elementor-element-populated\">\n\t\t\t\t\t\t<div class=\"elementor-element elementor-element-0193d18 elementor-widget elementor-widget-text-editor\" data-id=\"0193d18\" data-element_type=\"widget\" data-e-type=\"widget\" data-widget_type=\"text-editor.default\">\n\t\t\t\t<div class=\"elementor-widget-container\">\n\t\t\t\t\t\t\t\t\t<p>On ne peut parler d&rsquo; Enrico Macias sans y associer son ami et complice, son fr\u00e8re, Jacques Demarny.<\/p><p>Jacques Demarny est n\u00e9 \u00e0 Paris en 1925 et \u00e9lev\u00e9 en Alg\u00e9rie. Il commence sa carri\u00e8re en 1947 comme duettiste avec son fr\u00e8re Jean dans divers music-halls de la capitale, et continue son parcours tour \u00e0 tour comme animateur \u00e0 Europe 1, Monsieur loyal au cirque Medrano (le dernier avant la fermeture du cirque), com\u00e9dien ou encore comme artiste interpr\u00e8te solo. En 1959, d\u00e9cidant d\u2019exploiter sa fibre de po\u00e8te,\u00a0il se consacre d\u00e9sormais aux autres en devenant auteur.<\/p><p>Il \u00e9crit pour diff\u00e9rents artistes de cette \u00e9poque mais le succ\u00e8s ne vient r\u00e9ellement qu&rsquo;avec la rencontre d&rsquo;un ancien instituteur arriv\u00e9 du sud, du soleil, rapatri\u00e9 d&rsquo;Alg\u00e9rie. Il se pr\u00e9nomme Gaston mais sera tr\u00e8s rapidement plus connu sous le pseudonyme d\u2019 ENRICO MACIAS. Ces deux l\u00e0 se rencontrent un soir de janvier 1963 quand Jacques Demarny, en compagnie de Pascal-Ren\u00e9 Blanc, vient proposer un texte \u00e0 Enrico, alors en concert \u00e0 Bobino. Ce premier contact fut un coup de ma\u00eetre puisque la chanson qui est n\u00e9e de cette rencontre n\u2019est autre qu\u2019\u00a0\u00ab\u00a0Enfants de tous pays\u00a0\u00bb, succ\u00e8s international s\u2019il en est, v\u00e9ritable hymne \u00e0 la fraternit\u00e9.<\/p><p>Pour Jacques Demarny,\u00a0Enrico, c&rsquo;est LE chanteur de sa vie, avec lequel il \u00e9tablira une v\u00e9ritable complicit\u00e9 et tous deux cr\u00e9eront en commun quelque 250 \u0153uvres dont une grande majorit\u00e9 de succ\u00e8s. L\u2019un \u00e9crit, pendant que l\u2019autre compose et chante. Tous deux seront indissociables pendant plus de 40 ans, conjuguant dans une m\u00eame communion, en paroles comme en musique, la Paix, la Fraternit\u00e9, l\u2019 Enfance, le Soleil, l&rsquo;Humanit\u00e9, l&rsquo;Amour, l&rsquo;Espoir. Un troisi\u00e8me personnage viendra compl\u00e9ter l&rsquo;\u00e9quipe qui n&rsquo;est autre que le chef d&rsquo;orchestre Jean Claudric dont nous vous parlerons aussi.<\/p><p>On ne peut bien \u00e9videmment pas citer ici tous leurs succ\u00e8s mais on peut en donner quelques uns\u00a0; Enfants de tous pays, Non je n\u2019ai pas oubli\u00e9, Notre place au soleil, les gens du nord, Les millionnaires du dimanche, mon c\u0153ur d\u2019attache, No\u00ebl \u00e0 J\u00e9rusalem, Aux talons de ses souliers, Malheur \u00e0 celui qui blesse un enfant, Un berger vient de tomber, six millions de larmes, mon chanteur pr\u00e9f\u00e9r\u00e9, etc, etc \u2026\u2026\u2026\u2026\u2026..<\/p><p>Jacques Demarny \u00e9crit aussi pour bien d&rsquo;autres artistes dont Tino Rossi, Mireille Matthieu, Dalida, Sheila, Daniel Guichard, G\u00e9rard Lenorman et beaucoup d&rsquo;autres, la liste \u00e9tant trop longue pour que l&rsquo;on puisse \u00eatre exhaustif et il signera \u00e0 chaque fois de grands succ\u00e8s. Mais c\u2019est toujours vers Enrico qu\u2019il reviendra.<\/p><p>Il \u00e9crira \u00e9galement en collaboration avec lui le livre de souvenirs que nous connaissons tous \u00ab\u00a0non, je n\u2019ai pas oubli\u00e9\u00a0\u00bb<\/p><p>Grand d\u00e9fenseur de la cause des auteurs, Jacques Demarny a aussi \u00e9t\u00e9 durant 30 ans administrateur de la SACEM et son pr\u00e9sident pendant 5 ann\u00e9es. Cette carri\u00e8re exceptionnelle est honor\u00e9e par ses pairs en 2007 qui lui d\u00e9cernent le grand prix de la chanson fran\u00e7aise.<\/p><p>Il est mort le 12 janvier 2011 \u00e0 l&rsquo;\u00e2ge de 85 ans.<\/p>\t\t\t\t\t\t\t\t<\/div>\n\t\t\t\t<\/div>\n\t\t\t\t\t<\/div>\n\t\t<\/div>\n\t\t\t\t\t<\/div>\n\t\t<\/section>\n\t\t\t\t<section class=\"elementor-section elementor-top-section elementor-element elementor-element-9a1ed43 elementor-section-boxed elementor-section-height-default elementor-section-height-default rael-particle-no\" data-id=\"9a1ed43\" data-element_type=\"section\" data-e-type=\"section\" data-settings=\"{&quot;rae_animations_entrance&quot;:&quot;none&quot;}\">\n\t\t\t\t\t\t<div class=\"elementor-container elementor-column-gap-default\">\n\t\t\t\t\t<div class=\"elementor-column elementor-col-100 elementor-top-column elementor-element elementor-element-ac6a6e5 rael-particle-no\" data-id=\"ac6a6e5\" data-element_type=\"column\" data-e-type=\"column\">\n\t\t\t<div class=\"elementor-widget-wrap elementor-element-populated\">\n\t\t\t\t\t\t<div class=\"elementor-element elementor-element-0c48ea7 elementor-widget elementor-widget-image\" data-id=\"0c48ea7\" data-element_type=\"widget\" data-e-type=\"widget\" data-widget_type=\"image.default\">\n\t\t\t\t<div class=\"elementor-widget-container\">\n\t\t\t\t\t\t\t\t\t\t\t\t\t\t\t<img decoding=\"async\" width=\"457\" height=\"27\" src=\"https:\/\/enricomaciasloriental.fr\/WordPress\/wp-content\/uploads\/\/2020\/12\/ligne_musique001.gif\" class=\"attachment-large size-large wp-image-14593\" alt=\"\" \/>\t\t\t\t\t\t\t\t\t\t\t\t\t\t\t<\/div>\n\t\t\t\t<\/div>\n\t\t\t\t\t<\/div>\n\t\t<\/div>\n\t\t\t\t\t<\/div>\n\t\t<\/section>\n\t\t\t\t<section class=\"elementor-section elementor-top-section elementor-element elementor-element-1bf2104 elementor-section-boxed elementor-section-height-default elementor-section-height-default rael-particle-no\" data-id=\"1bf2104\" data-element_type=\"section\" data-e-type=\"section\" data-settings=\"{&quot;rae_animations_entrance&quot;:&quot;none&quot;}\">\n\t\t\t\t\t\t<div class=\"elementor-container elementor-column-gap-default\">\n\t\t\t\t\t<div class=\"elementor-column elementor-col-33 elementor-top-column elementor-element elementor-element-7d352bf rael-particle-no\" data-id=\"7d352bf\" data-element_type=\"column\" data-e-type=\"column\">\n\t\t\t<div class=\"elementor-widget-wrap\">\n\t\t\t\t\t\t\t<\/div>\n\t\t<\/div>\n\t\t\t\t<div class=\"elementor-column elementor-col-33 elementor-top-column elementor-element elementor-element-e8c4a51 rael-particle-no\" data-id=\"e8c4a51\" data-element_type=\"column\" data-e-type=\"column\">\n\t\t\t<div class=\"elementor-widget-wrap elementor-element-populated\">\n\t\t\t\t\t\t<div class=\"elementor-element elementor-element-4292aba elementor-widget elementor-widget-heading\" data-id=\"4292aba\" data-element_type=\"widget\" data-e-type=\"widget\" id=\"vline_buggy\" data-widget_type=\"heading.default\">\n\t\t\t\t<div class=\"elementor-widget-container\">\n\t\t\t\t\t<h1 class=\"elementor-heading-title elementor-size-default\">Vline Buggy<\/h1>\t\t\t\t<\/div>\n\t\t\t\t<\/div>\n\t\t\t\t\t<\/div>\n\t\t<\/div>\n\t\t\t\t<div class=\"elementor-column elementor-col-33 elementor-top-column elementor-element elementor-element-d491aef rael-particle-no\" data-id=\"d491aef\" data-element_type=\"column\" data-e-type=\"column\">\n\t\t\t<div class=\"elementor-widget-wrap elementor-element-populated\">\n\t\t\t\t\t\t<div class=\"elementor-element elementor-element-cc8ef8b elementor-widget__width-initial elementor-widget elementor-widget-rael_audio\" data-id=\"cc8ef8b\" data-element_type=\"widget\" data-e-type=\"widget\" data-widget_type=\"rael_audio.default\">\n\t\t\t\t<div class=\"elementor-widget-container\">\n\t\t\t\t\t<section class=\"widget-container rael-widget-audio\"><audio class=\"wp-audio-shortcode rael-player-dark\" id=\"audio-14815-2\" loop style=\"width: 100%;\" controls=\"controls\"><source type=\"audio\/mpeg\" src=\"https:\/\/enricomaciasloriental.fr\/WordPress\/wp-content\/uploads\/\/2020\/12\/madametantpismixweb2.mp3?_=2\" \/><a href=\"https:\/\/enricomaciasloriental.fr\/WordPress\/wp-content\/uploads\/\/2020\/12\/madametantpismixweb2.mp3\">https:\/\/enricomaciasloriental.fr\/WordPress\/wp-content\/uploads\/\/2020\/12\/madametantpismixweb2.mp3<\/a><\/audio><\/section>\t\t\t\t<\/div>\n\t\t\t\t<\/div>\n\t\t\t\t\t<\/div>\n\t\t<\/div>\n\t\t\t\t\t<\/div>\n\t\t<\/section>\n\t\t\t\t<section class=\"elementor-section elementor-top-section elementor-element elementor-element-cf033a2 elementor-section-boxed elementor-section-height-default elementor-section-height-default rael-particle-no\" data-id=\"cf033a2\" data-element_type=\"section\" data-e-type=\"section\" data-settings=\"{&quot;rae_animations_entrance&quot;:&quot;none&quot;}\">\n\t\t\t\t\t\t<div class=\"elementor-container elementor-column-gap-default\">\n\t\t\t\t\t<div class=\"elementor-column elementor-col-50 elementor-top-column elementor-element elementor-element-0c3f938 rael-particle-no\" data-id=\"0c3f938\" data-element_type=\"column\" data-e-type=\"column\">\n\t\t\t<div class=\"elementor-widget-wrap elementor-element-populated\">\n\t\t\t\t\t\t<div class=\"elementor-element elementor-element-35332c4 elementor-widget elementor-widget-image\" data-id=\"35332c4\" data-element_type=\"widget\" data-e-type=\"widget\" data-widget_type=\"image.default\">\n\t\t\t\t<div class=\"elementor-widget-container\">\n\t\t\t\t\t\t\t\t\t\t\t\t\t\t\t<img decoding=\"async\" width=\"214\" height=\"283\" src=\"https:\/\/enricomaciasloriental.fr\/WordPress\/wp-content\/uploads\/\/2020\/12\/vline001.jpg\" class=\"attachment-large size-large wp-image-14820\" alt=\"\" srcset=\"https:\/\/enricomaciasloriental.fr\/WordPress\/wp-content\/uploads\/2020\/12\/vline001.jpg 214w, https:\/\/enricomaciasloriental.fr\/WordPress\/wp-content\/uploads\/2020\/12\/vline001-100x132.jpg 100w, https:\/\/enricomaciasloriental.fr\/WordPress\/wp-content\/uploads\/2020\/12\/vline001-150x198.jpg 150w, https:\/\/enricomaciasloriental.fr\/WordPress\/wp-content\/uploads\/2020\/12\/vline001-200x264.jpg 200w\" sizes=\"(max-width: 214px) 100vw, 214px\" \/>\t\t\t\t\t\t\t\t\t\t\t\t\t\t\t<\/div>\n\t\t\t\t<\/div>\n\t\t\t\t\t<\/div>\n\t\t<\/div>\n\t\t\t\t<div class=\"elementor-column elementor-col-50 elementor-top-column elementor-element elementor-element-1a8ae9b rael-particle-no\" data-id=\"1a8ae9b\" data-element_type=\"column\" data-e-type=\"column\">\n\t\t\t<div class=\"elementor-widget-wrap elementor-element-populated\">\n\t\t\t\t\t\t<div class=\"elementor-element elementor-element-1710427 elementor-widget elementor-widget-text-editor\" data-id=\"1710427\" data-element_type=\"widget\" data-e-type=\"widget\" data-widget_type=\"text-editor.default\">\n\t\t\t\t<div class=\"elementor-widget-container\">\n\t\t\t\t\t\t\t\t\t<p>Elle est la fille du parolier G\u00e9o KAGER qui travaille souvent avec Vincent SCOTTO. C&rsquo;est tout naturellement qu&rsquo;elle se lance, avec sa soeur, sur les traces de son p\u00e8re.<br \/>Liliane et sa soeur Evelyne choisissent leur nom au hasard en mettant plusieurs possibilit\u00e9s dans un chapeau.<br \/>C&rsquo;est ainsi que Vline et Buggy commencent \u00e0 \u00e9crire des chansons pour Georges ULMER, Anny COULD, Yves MONTAND et Luis MARIANO. Mais le succ\u00e8s se fait cependant attendre jusqu&rsquo;en 1961, ann\u00e9e de \u00ab\u00a0C&rsquo;est pas s\u00e9rieux\u00a0\u00bb chant\u00e9 par \u00ab\u00a0Les chats sauvages\u00a0\u00bb.<\/p><p>Malheureusement, l&rsquo;a\u00een\u00e9e des deux soeurs, Evelyne, souffre depuis plusieurs ann\u00e9es d&rsquo;une maladie intestinale qui l&#8217;emporte le 14 Avril 1962. Liliane, convaincue qu&rsquo;elle doit poursuivre sa route en chansons, r\u00e9unit les deux noms et devient Vline Buggy. Cependant, comme elle se retrouve seule avec un enfant \u00e0 charge, elle doit travailler chez un installateur de cuisines ; la chanson ne lui permet pas encore de gagner sa vie. Ce n&rsquo;est qu&rsquo; en 1964 que l&rsquo;auteur pourra vivre de sa passion.<\/p>\t\t\t\t\t\t\t\t<\/div>\n\t\t\t\t<\/div>\n\t\t\t\t\t<\/div>\n\t\t<\/div>\n\t\t\t\t\t<\/div>\n\t\t<\/section>\n\t\t\t\t<section class=\"elementor-section elementor-top-section elementor-element elementor-element-f4bc06f elementor-section-boxed elementor-section-height-default elementor-section-height-default rael-particle-no\" data-id=\"f4bc06f\" data-element_type=\"section\" data-e-type=\"section\" data-settings=\"{&quot;rae_animations_entrance&quot;:&quot;none&quot;}\">\n\t\t\t\t\t\t<div class=\"elementor-container elementor-column-gap-default\">\n\t\t\t\t\t<div class=\"elementor-column elementor-col-100 elementor-top-column elementor-element elementor-element-a0dc253 rael-particle-no\" data-id=\"a0dc253\" data-element_type=\"column\" data-e-type=\"column\">\n\t\t\t<div class=\"elementor-widget-wrap elementor-element-populated\">\n\t\t\t\t\t\t<div class=\"elementor-element elementor-element-6be09a7 elementor-widget elementor-widget-text-editor\" data-id=\"6be09a7\" data-element_type=\"widget\" data-e-type=\"widget\" data-widget_type=\"text-editor.default\">\n\t\t\t\t<div class=\"elementor-widget-container\">\n\t\t\t\t\t\t\t\t\t<p>Parall\u00e8lement, elle entre aux \u00e9ditions Tropicales. Le directeur de cette soci\u00e9t\u00e9, Rudy Revil\u00a0lui demande alors d&rsquo;adapter une chanson Am\u00e9ricaine: \u00ab\u00a0Girls, girls, girls\u00a0\u00bbdes Everly Brothers, compos\u00e9e par Phil Everly.<br \/>Apr\u00e8s avoir chang\u00e9 les \u00ab\u00a0rien, rien\u00a0\u00bb de son premier texte en \u00ab\u00a0belles, belles\u00a0\u00bb, la chanson est enregistr\u00e9e par Claude Fran\u00e7ois et deviendra le premier succ\u00e8s d&rsquo;une longue s\u00e9rie.<\/p><p>A cette \u00e9poque \u00ab\u00a0des copains\u00a0\u00bb, Vline Buggy signe des chansons pour Frank Alamo, Johnny Hallyday, Sheila et Herv\u00e9 Vilard&#8230;<\/p><p>En 1966, elle \u00e9crit \u00ab\u00a0C\u00e9line\u00a0\u00bb, une chanson qui restera dans toutes les m\u00e9moires. Refus\u00e9e par Claude Fran\u00e7ois et Richard Anthony, c&rsquo;est Hugues Aufray qui en fera un succ\u00e8s d&rsquo;envergure.<\/p><p>A partir de 1971, elle \u00e9crit les premiers tubes de Michel Sardou (Les bals populaires). Marcel Amont, Alain chamfort, Christian Delagrange, Michel Fugain, Vicky Leandros et bien d&rsquo;autres chantent des textes merveilleusement \u00e9crits par Vline Buggy.<\/p><p>C&rsquo;est en 1973 qu&rsquo;elle commence \u00e0 \u00e9crire pour Enrico. \u00ab\u00a0Un de moins \u00e0 la maison\u00a0\u00bb, \u00ab\u00a0Madame tant pis, madame tant mieux\u00a0\u00bb, \u00ab\u00a0Je t&rsquo;apprendrai l&rsquo;amour\u00a0\u00bb sont les principaux titres qu&rsquo;elle\u00a0signe pour lui. Mais son plus grand succ\u00e8s avec Enrico s&rsquo;appelle \u00ab\u00a0Melisa\u00a0\u00bb.\u00a0Tout en conservant la musique d&rsquo;origine, Enrico en tirera une adaptation pour les besoins d&rsquo;une \u00e9mission de t\u00e9l\u00e9vision avec Ajda Pekkan, le Num\u00e9ro 1 de 1976 intitul\u00e9 \u00ab\u00a0Entre l&rsquo;orient et l&rsquo;occident\u00a0\u00bb.<\/p>\t\t\t\t\t\t\t\t<\/div>\n\t\t\t\t<\/div>\n\t\t\t\t\t<\/div>\n\t\t<\/div>\n\t\t\t\t\t<\/div>\n\t\t<\/section>\n\t\t\t\t<section class=\"elementor-section elementor-top-section elementor-element elementor-element-e60cec8 elementor-section-boxed elementor-section-height-default elementor-section-height-default rael-particle-no\" data-id=\"e60cec8\" data-element_type=\"section\" data-e-type=\"section\" data-settings=\"{&quot;rae_animations_entrance&quot;:&quot;none&quot;}\">\n\t\t\t\t\t\t<div class=\"elementor-container elementor-column-gap-default\">\n\t\t\t\t\t<div class=\"elementor-column elementor-col-100 elementor-top-column elementor-element elementor-element-c6e3f32 rael-particle-no\" data-id=\"c6e3f32\" data-element_type=\"column\" data-e-type=\"column\">\n\t\t\t<div class=\"elementor-widget-wrap elementor-element-populated\">\n\t\t\t\t\t\t<div class=\"elementor-element elementor-element-83b31f4 elementor-widget elementor-widget-image\" data-id=\"83b31f4\" data-element_type=\"widget\" data-e-type=\"widget\" data-widget_type=\"image.default\">\n\t\t\t\t<div class=\"elementor-widget-container\">\n\t\t\t\t\t\t\t\t\t\t\t\t\t\t\t<img decoding=\"async\" width=\"457\" height=\"27\" src=\"https:\/\/enricomaciasloriental.fr\/WordPress\/wp-content\/uploads\/\/2020\/12\/ligne_musique001.gif\" class=\"attachment-large size-large wp-image-14593\" alt=\"\" \/>\t\t\t\t\t\t\t\t\t\t\t\t\t\t\t<\/div>\n\t\t\t\t<\/div>\n\t\t\t\t\t<\/div>\n\t\t<\/div>\n\t\t\t\t\t<\/div>\n\t\t<\/section>\n\t\t\t\t<section class=\"elementor-section elementor-top-section elementor-element elementor-element-175cdcc elementor-section-boxed elementor-section-height-default elementor-section-height-default rael-particle-no\" data-id=\"175cdcc\" data-element_type=\"section\" data-e-type=\"section\" data-settings=\"{&quot;rae_animations_entrance&quot;:&quot;none&quot;}\">\n\t\t\t\t\t\t<div class=\"elementor-container elementor-column-gap-default\">\n\t\t\t\t\t<div class=\"elementor-column elementor-col-33 elementor-top-column elementor-element elementor-element-4c9c775 rael-particle-no\" data-id=\"4c9c775\" data-element_type=\"column\" data-e-type=\"column\">\n\t\t\t<div class=\"elementor-widget-wrap\">\n\t\t\t\t\t\t\t<\/div>\n\t\t<\/div>\n\t\t\t\t<div class=\"elementor-column elementor-col-33 elementor-top-column elementor-element elementor-element-91def19 rael-particle-no\" data-id=\"91def19\" data-element_type=\"column\" data-e-type=\"column\">\n\t\t\t<div class=\"elementor-widget-wrap elementor-element-populated\">\n\t\t\t\t\t\t<div class=\"elementor-element elementor-element-63ba997 elementor-widget elementor-widget-heading\" data-id=\"63ba997\" data-element_type=\"widget\" data-e-type=\"widget\" id=\"pierre_delanoe\" data-widget_type=\"heading.default\">\n\t\t\t\t<div class=\"elementor-widget-container\">\n\t\t\t\t\t<h1 class=\"elementor-heading-title elementor-size-default\">Pierre Delano\u00eb<\/h1>\t\t\t\t<\/div>\n\t\t\t\t<\/div>\n\t\t\t\t\t<\/div>\n\t\t<\/div>\n\t\t\t\t<div class=\"elementor-column elementor-col-33 elementor-top-column elementor-element elementor-element-8160b4e rael-particle-no\" data-id=\"8160b4e\" data-element_type=\"column\" data-e-type=\"column\">\n\t\t\t<div class=\"elementor-widget-wrap elementor-element-populated\">\n\t\t\t\t\t\t<div class=\"elementor-element elementor-element-1815ebf elementor-widget__width-initial elementor-widget elementor-widget-rael_audio\" data-id=\"1815ebf\" data-element_type=\"widget\" data-e-type=\"widget\" data-widget_type=\"rael_audio.default\">\n\t\t\t\t<div class=\"elementor-widget-container\">\n\t\t\t\t\t<section class=\"widget-container rael-widget-audio\"><audio class=\"wp-audio-shortcode rael-player-dark\" id=\"audio-14815-3\" loop style=\"width: 100%;\" controls=\"controls\"><source type=\"audio\/mpeg\" src=\"https:\/\/enricomaciasloriental.fr\/WordPress\/wp-content\/uploads\/\/2020\/12\/hommagedelanoeweb1.mp3?_=3\" \/><a href=\"https:\/\/enricomaciasloriental.fr\/WordPress\/wp-content\/uploads\/\/2020\/12\/hommagedelanoeweb1.mp3\">https:\/\/enricomaciasloriental.fr\/WordPress\/wp-content\/uploads\/\/2020\/12\/hommagedelanoeweb1.mp3<\/a><\/audio><\/section>\t\t\t\t<\/div>\n\t\t\t\t<\/div>\n\t\t\t\t\t<\/div>\n\t\t<\/div>\n\t\t\t\t\t<\/div>\n\t\t<\/section>\n\t\t\t\t<section class=\"elementor-section elementor-top-section elementor-element elementor-element-dfcad27 elementor-section-boxed elementor-section-height-default elementor-section-height-default rael-particle-no\" data-id=\"dfcad27\" data-element_type=\"section\" data-e-type=\"section\" data-settings=\"{&quot;rae_animations_entrance&quot;:&quot;none&quot;}\">\n\t\t\t\t\t\t<div class=\"elementor-container elementor-column-gap-default\">\n\t\t\t\t\t<div class=\"elementor-column elementor-col-50 elementor-top-column elementor-element elementor-element-adaa738 rael-particle-no\" data-id=\"adaa738\" data-element_type=\"column\" data-e-type=\"column\">\n\t\t\t<div class=\"elementor-widget-wrap elementor-element-populated\">\n\t\t\t\t\t\t<div class=\"elementor-element elementor-element-fb8c0ad elementor-widget elementor-widget-image\" data-id=\"fb8c0ad\" data-element_type=\"widget\" data-e-type=\"widget\" data-widget_type=\"image.default\">\n\t\t\t\t<div class=\"elementor-widget-container\">\n\t\t\t\t\t\t\t\t\t\t\t\t\t\t\t<img loading=\"lazy\" decoding=\"async\" width=\"228\" height=\"300\" src=\"https:\/\/enricomaciasloriental.fr\/WordPress\/wp-content\/uploads\/\/2020\/12\/delanoe001.jpg\" class=\"attachment-large size-large wp-image-14821\" alt=\"\" srcset=\"https:\/\/enricomaciasloriental.fr\/WordPress\/wp-content\/uploads\/2020\/12\/delanoe001.jpg 228w, https:\/\/enricomaciasloriental.fr\/WordPress\/wp-content\/uploads\/2020\/12\/delanoe001-100x132.jpg 100w, https:\/\/enricomaciasloriental.fr\/WordPress\/wp-content\/uploads\/2020\/12\/delanoe001-150x197.jpg 150w, https:\/\/enricomaciasloriental.fr\/WordPress\/wp-content\/uploads\/2020\/12\/delanoe001-200x263.jpg 200w\" sizes=\"(max-width: 228px) 100vw, 228px\" \/>\t\t\t\t\t\t\t\t\t\t\t\t\t\t\t<\/div>\n\t\t\t\t<\/div>\n\t\t\t\t\t<\/div>\n\t\t<\/div>\n\t\t\t\t<div class=\"elementor-column elementor-col-50 elementor-top-column elementor-element elementor-element-3d0fee9 rael-particle-no\" data-id=\"3d0fee9\" data-element_type=\"column\" data-e-type=\"column\">\n\t\t\t<div class=\"elementor-widget-wrap elementor-element-populated\">\n\t\t\t\t\t\t<div class=\"elementor-element elementor-element-f0b0a26 elementor-widget elementor-widget-text-editor\" data-id=\"f0b0a26\" data-element_type=\"widget\" data-e-type=\"widget\" data-widget_type=\"text-editor.default\">\n\t\t\t\t<div class=\"elementor-widget-container\">\n\t\t\t\t\t\t\t\t\t<p>Pour entamer sa carri\u00e8re de parolier, Pierre Charles Marcel Napol\u00e9on Leroyer, n\u00e9 le 16 D\u00e9cembre 1918 \u00e0 Paris, prend comme pseudonyme le nom de sa grand-m\u00e8re, et deviendra donc c\u00e9l\u00e8bre en tant que Pierre Delano\u00eb. Apr\u00e8s l&rsquo;obtention d&rsquo;une licence en droit, cet ancien \u00e9l\u00e8ve des oratoriens (religieux de la congr\u00e9gation de l&rsquo;oratoire) entre dans l&rsquo;administration fiscale comme receveur puis inspecteur des imp\u00f4ts. Ce n&rsquo;est qu&rsquo;\u00e0 la lib\u00e9ration qu&rsquo;il se tourne vers la chanson sous l&rsquo;influence de son beau-fr\u00e8re\u00a0Frank G\u00e9rald, qui est lui-m\u00eame compositeur. Ensemble, ils montent un num\u00e9ro de duettistes, dont, malheureusement, il ne reste aujourd&rsquo;hui aucune trace.<\/p><p>Chez Marie Bizet, pour qui il a commenc\u00e9 \u00e0 \u00e9crire d\u00e8s 1948 (\u00ab\u00a0Y a un pli dans le tapis du salon\u00a0\u00bb), il fait la connaissance d&rsquo;un certain Fran\u00e7ois Silly, qu&rsquo;on connaitra bient\u00f4t sous le nom de sc\u00e8ne de Gilbert B\u00e9caud. Ensemble, ils cr\u00e9ent\u00a0\u00ab\u00a0Mes mains\u00a0\u00bb. Cette chanson marque le d\u00e9but d&rsquo;une longue et belle collaboration qui donnera naissance pendant les d\u00e9cennies suivantes \u00e0 plusieurs beaux fleurons de la chanson Fran\u00e7aise ( \u00ab\u00a0Et maintenant\u00a0\u00bb, 1961, \u00ab\u00a0La solitude \u00e7a n&rsquo;existe pas\u00a0\u00bb, 1970,&#8230;&#8230;&#8230;).<\/p>\t\t\t\t\t\t\t\t<\/div>\n\t\t\t\t<\/div>\n\t\t\t\t\t<\/div>\n\t\t<\/div>\n\t\t\t\t\t<\/div>\n\t\t<\/section>\n\t\t\t\t<section class=\"elementor-section elementor-top-section elementor-element elementor-element-6dc4684 elementor-section-boxed elementor-section-height-default elementor-section-height-default rael-particle-no\" data-id=\"6dc4684\" data-element_type=\"section\" data-e-type=\"section\" data-settings=\"{&quot;rae_animations_entrance&quot;:&quot;none&quot;}\">\n\t\t\t\t\t\t<div class=\"elementor-container elementor-column-gap-default\">\n\t\t\t\t\t<div class=\"elementor-column elementor-col-100 elementor-top-column elementor-element elementor-element-e4b05e7 rael-particle-no\" data-id=\"e4b05e7\" data-element_type=\"column\" data-e-type=\"column\">\n\t\t\t<div class=\"elementor-widget-wrap elementor-element-populated\">\n\t\t\t\t\t\t<div class=\"elementor-element elementor-element-f666fcf elementor-widget elementor-widget-text-editor\" data-id=\"f666fcf\" data-element_type=\"widget\" data-e-type=\"widget\" data-widget_type=\"text-editor.default\">\n\t\t\t\t<div class=\"elementor-widget-container\">\n\t\t\t\t\t\t\t\t\t<p>Pendant les ann\u00e9es 1950, de prestigieux interpr\u00e8tes affichent des chansons de Pierre Delano\u00eb\u00a0\u00e0 leur r\u00e9pertoire: Tino Rossi, Edith Piaf, Georges Gu\u00e9tary&#8230;\u00a0Notre auteur\u00a0participe m\u00eame au concours Eurovision en 1958, avec une chanson interpr\u00e9t\u00e9e par Andr\u00e9 Claveau et intitul\u00e9e \u00ab\u00a0Dors mon amour\u00a0\u00bb. Cette chanson fut la premi\u00e8re victoire fran\u00e7aise depuis la cr\u00e9ation de ce concours en 1955.<\/p><p>Entre 1955 et 1960, il trouve le temps de s&rsquo;occuper avec Lucien Morisse de la direction d&rsquo;Europe 1.<\/p><p>Les ann\u00e9es 1960 commencent par sa collaboration avec Les compagnons de la chanson. Mais c&rsquo;est Hugues Aufray qui marquera le plus la carri\u00e8re de l&rsquo;auteur durant la p\u00e9riode y\u00e9-y\u00e9. Il ne reste toutefois pas le seul artiste \u00e0 avoir l&rsquo;honneur d&rsquo;interpr\u00e9ter Pierre Delano\u00eb, qu&rsquo;il s&rsquo;agisse d&rsquo;\u0153uvres originales ou d&rsquo;adaptations. On peut citer entre autres P\u00e9tula Clark, Sylvie Vartan, Nancy Halloway, Richard Anthony, Dick Rivers et bien-s\u00fbr Claude Fran\u00e7ois.<\/p><p>Durant ces ann\u00e9es prolifiques, notre auteur est aussi capable de basculer avec aisance d&rsquo;un style \u00e0 l&rsquo;autre. C&rsquo;est ainsi qu&rsquo;en 1977, il commence \u00e0 \u00e9crire pour Enrico Macias. Avant de lui signer des titres comme \u00ab\u00a0Tant qu&rsquo;il y aura des clowns\u00a0\u00bb, \u00ab\u00a0Avec les moyens du bord\u00a0\u00bb, \u00ab\u00a0N&rsquo;oublie jamais d&rsquo;o\u00f9 tu viens\u00a0\u00bb, \u00ab\u00a0C&rsquo;est une femme\u00a0\u00bb ou \u00ab\u00a0Le d\u00e9fil\u00e9 des animaux\u00a0\u00bb, et tout en tenant compte de ses engagements, il lui \u00e9crit la c\u00e9l\u00e8bre \u00ab\u00a0Aimez-vous les uns les autres\u00a0\u00bb qui restera longtemps au \u00ab\u00a0top des ventes\u00a0\u00bb entre 1977 et 1978. Mais le plus grand succ\u00e8s de Pierre Delano\u00eb pour Enrico est sans conteste \u00ab\u00a0Il est comme le soleil\u00a0\u00bb car &lsquo;il a compris l&rsquo;importance de ses rayons dans la vie de l&rsquo;enfant du soleil qu&rsquo;est Gaston.<\/p><p>Avant de nous quitter le 27 D\u00e9cembre 2006, Pierre Delano\u00eb aura laiss\u00e9 derri\u00e8re lui une \u0153uvre de plus de 5000 chansons dont un certain nombre sont des succ\u00e8s majeurs. Une trace ind\u00e9l\u00e9bile sur le patrimoine culturel Fran\u00e7ais.<\/p>\t\t\t\t\t\t\t\t<\/div>\n\t\t\t\t<\/div>\n\t\t\t\t\t<\/div>\n\t\t<\/div>\n\t\t\t\t\t<\/div>\n\t\t<\/section>\n\t\t\t\t<section class=\"elementor-section elementor-top-section elementor-element elementor-element-da5564d elementor-section-boxed elementor-section-height-default elementor-section-height-default rael-particle-no\" data-id=\"da5564d\" data-element_type=\"section\" data-e-type=\"section\" data-settings=\"{&quot;rae_animations_entrance&quot;:&quot;none&quot;}\">\n\t\t\t\t\t\t<div class=\"elementor-container elementor-column-gap-default\">\n\t\t\t\t\t<div class=\"elementor-column elementor-col-100 elementor-top-column elementor-element elementor-element-2697fff rael-particle-no\" data-id=\"2697fff\" data-element_type=\"column\" data-e-type=\"column\">\n\t\t\t<div class=\"elementor-widget-wrap elementor-element-populated\">\n\t\t\t\t\t\t<div class=\"elementor-element elementor-element-0eb273e elementor-widget elementor-widget-image\" data-id=\"0eb273e\" data-element_type=\"widget\" data-e-type=\"widget\" data-widget_type=\"image.default\">\n\t\t\t\t<div class=\"elementor-widget-container\">\n\t\t\t\t\t\t\t\t\t\t\t\t\t\t\t<img decoding=\"async\" width=\"457\" height=\"27\" src=\"https:\/\/enricomaciasloriental.fr\/WordPress\/wp-content\/uploads\/\/2020\/12\/ligne_musique001.gif\" class=\"attachment-large size-large wp-image-14593\" alt=\"\" \/>\t\t\t\t\t\t\t\t\t\t\t\t\t\t\t<\/div>\n\t\t\t\t<\/div>\n\t\t\t\t\t<\/div>\n\t\t<\/div>\n\t\t\t\t\t<\/div>\n\t\t<\/section>\n\t\t\t\t<section class=\"elementor-section elementor-top-section elementor-element elementor-element-0495bc7 elementor-section-boxed elementor-section-height-default elementor-section-height-default rael-particle-no\" data-id=\"0495bc7\" data-element_type=\"section\" data-e-type=\"section\" data-settings=\"{&quot;rae_animations_entrance&quot;:&quot;none&quot;}\">\n\t\t\t\t\t\t<div class=\"elementor-container elementor-column-gap-default\">\n\t\t\t\t\t<div class=\"elementor-column elementor-col-33 elementor-top-column elementor-element elementor-element-06f1ec5 rael-particle-no\" data-id=\"06f1ec5\" data-element_type=\"column\" data-e-type=\"column\">\n\t\t\t<div class=\"elementor-widget-wrap\">\n\t\t\t\t\t\t\t<\/div>\n\t\t<\/div>\n\t\t\t\t<div class=\"elementor-column elementor-col-33 elementor-top-column elementor-element elementor-element-8740290 rael-particle-no\" data-id=\"8740290\" data-element_type=\"column\" data-e-type=\"column\">\n\t\t\t<div class=\"elementor-widget-wrap elementor-element-populated\">\n\t\t\t\t\t\t<div class=\"elementor-element elementor-element-2c21875 elementor-widget elementor-widget-heading\" data-id=\"2c21875\" data-element_type=\"widget\" data-e-type=\"widget\" id=\"pierre_cour\" data-widget_type=\"heading.default\">\n\t\t\t\t<div class=\"elementor-widget-container\">\n\t\t\t\t\t<h1 class=\"elementor-heading-title elementor-size-default\">Pierre Cour<\/h1>\t\t\t\t<\/div>\n\t\t\t\t<\/div>\n\t\t\t\t\t<\/div>\n\t\t<\/div>\n\t\t\t\t<div class=\"elementor-column elementor-col-33 elementor-top-column elementor-element elementor-element-0d924b4 rael-particle-no\" data-id=\"0d924b4\" data-element_type=\"column\" data-e-type=\"column\">\n\t\t\t<div class=\"elementor-widget-wrap elementor-element-populated\">\n\t\t\t\t\t\t<div class=\"elementor-element elementor-element-53e7d4e elementor-widget__width-initial elementor-widget elementor-widget-rael_audio\" data-id=\"53e7d4e\" data-element_type=\"widget\" data-e-type=\"widget\" data-widget_type=\"rael_audio.default\">\n\t\t\t\t<div class=\"elementor-widget-container\">\n\t\t\t\t\t<section class=\"widget-container rael-widget-audio\"><audio class=\"wp-audio-shortcode rael-player-dark\" id=\"audio-14815-4\" loop style=\"width: 100%;\" controls=\"controls\"><source type=\"audio\/mpeg\" src=\"https:\/\/enricomaciasloriental.fr\/WordPress\/wp-content\/uploads\/\/2020\/12\/oublielesfille3stropheweb1.mp3?_=4\" \/><a href=\"https:\/\/enricomaciasloriental.fr\/WordPress\/wp-content\/uploads\/\/2020\/12\/oublielesfille3stropheweb1.mp3\">https:\/\/enricomaciasloriental.fr\/WordPress\/wp-content\/uploads\/\/2020\/12\/oublielesfille3stropheweb1.mp3<\/a><\/audio><\/section>\t\t\t\t<\/div>\n\t\t\t\t<\/div>\n\t\t\t\t\t<\/div>\n\t\t<\/div>\n\t\t\t\t\t<\/div>\n\t\t<\/section>\n\t\t\t\t<section class=\"elementor-section elementor-top-section elementor-element elementor-element-e9aaad1 elementor-section-boxed elementor-section-height-default elementor-section-height-default rael-particle-no\" data-id=\"e9aaad1\" data-element_type=\"section\" data-e-type=\"section\" data-settings=\"{&quot;rae_animations_entrance&quot;:&quot;none&quot;}\">\n\t\t\t\t\t\t<div class=\"elementor-container elementor-column-gap-default\">\n\t\t\t\t\t<div class=\"elementor-column elementor-col-50 elementor-top-column elementor-element elementor-element-4fa4e28 rael-particle-no\" data-id=\"4fa4e28\" data-element_type=\"column\" data-e-type=\"column\">\n\t\t\t<div class=\"elementor-widget-wrap elementor-element-populated\">\n\t\t\t\t\t\t<div class=\"elementor-element elementor-element-c1f393e elementor-widget elementor-widget-image\" data-id=\"c1f393e\" data-element_type=\"widget\" data-e-type=\"widget\" data-widget_type=\"image.default\">\n\t\t\t\t<div class=\"elementor-widget-container\">\n\t\t\t\t\t\t\t\t\t\t\t\t\t\t\t<img loading=\"lazy\" decoding=\"async\" width=\"180\" height=\"178\" src=\"https:\/\/enricomaciasloriental.fr\/WordPress\/wp-content\/uploads\/\/2020\/12\/pierrecour001.jpg\" class=\"attachment-large size-large wp-image-14824\" alt=\"\" srcset=\"https:\/\/enricomaciasloriental.fr\/WordPress\/wp-content\/uploads\/2020\/12\/pierrecour001.jpg 180w, https:\/\/enricomaciasloriental.fr\/WordPress\/wp-content\/uploads\/2020\/12\/pierrecour001-100x99.jpg 100w, https:\/\/enricomaciasloriental.fr\/WordPress\/wp-content\/uploads\/2020\/12\/pierrecour001-150x148.jpg 150w\" sizes=\"(max-width: 180px) 100vw, 180px\" \/>\t\t\t\t\t\t\t\t\t\t\t\t\t\t\t<\/div>\n\t\t\t\t<\/div>\n\t\t\t\t\t<\/div>\n\t\t<\/div>\n\t\t\t\t<div class=\"elementor-column elementor-col-50 elementor-top-column elementor-element elementor-element-7f426db rael-particle-no\" data-id=\"7f426db\" data-element_type=\"column\" data-e-type=\"column\">\n\t\t\t<div class=\"elementor-widget-wrap elementor-element-populated\">\n\t\t\t\t\t\t<div class=\"elementor-element elementor-element-da9c28c elementor-widget elementor-widget-text-editor\" data-id=\"da9c28c\" data-element_type=\"widget\" data-e-type=\"widget\" data-widget_type=\"text-editor.default\">\n\t\t\t\t<div class=\"elementor-widget-container\">\n\t\t\t\t\t\t\t\t\t<p>En 1964, Enrico Macias et Jean Claudric apposent une\u00a0jolie m\u00e9lodie \u00ab\u00a0orientaliste\u00a0\u00bb sur un bel hommage aux filles. Sans savoir que ce succ\u00e8s allait devenir l&rsquo;un de ses\u00a0principaux standards,\u00a0et pour les besoins d&rsquo;un arrangement bien structur\u00e9, il y ajoute les c\u00e9l\u00e8bres \u00ab\u00a0lai, lai, lai&#8230;\u00a0\u00bb qui deviendront\u00a0la signature harmonieuse de\u00a0beaucoup de ses chansons.\u00a0<\/p><p>Avant de devenir le p\u00e8re de ce tube, l&rsquo;auteur de cet hommage\u00a0a \u00e9crit pour plusieurs g\u00e9n\u00e9rations d&rsquo;artistes. Il a sign\u00e9 nombre de succ\u00e8s des ann\u00e9es 1950,1960 et 1970. Parmi ses nombreux interpr\u00e8tes, on peut citer Jean Ferrat, Jean Claude Annoux, Tino Rossi, Annie Cordy et bien d&rsquo;autres.<\/p>\t\t\t\t\t\t\t\t<\/div>\n\t\t\t\t<\/div>\n\t\t\t\t\t<\/div>\n\t\t<\/div>\n\t\t\t\t\t<\/div>\n\t\t<\/section>\n\t\t\t\t<section class=\"elementor-section elementor-top-section elementor-element elementor-element-6ed59a3 elementor-section-boxed elementor-section-height-default elementor-section-height-default rael-particle-no\" data-id=\"6ed59a3\" data-element_type=\"section\" data-e-type=\"section\" data-settings=\"{&quot;rae_animations_entrance&quot;:&quot;none&quot;}\">\n\t\t\t\t\t\t<div class=\"elementor-container elementor-column-gap-default\">\n\t\t\t\t\t<div class=\"elementor-column elementor-col-100 elementor-top-column elementor-element elementor-element-9d621a0 rael-particle-no\" data-id=\"9d621a0\" data-element_type=\"column\" data-e-type=\"column\">\n\t\t\t<div class=\"elementor-widget-wrap elementor-element-populated\">\n\t\t\t\t\t\t<div class=\"elementor-element elementor-element-e6207c2 elementor-widget elementor-widget-text-editor\" data-id=\"e6207c2\" data-element_type=\"widget\" data-e-type=\"widget\" data-widget_type=\"text-editor.default\">\n\t\t\t\t<div class=\"elementor-widget-container\">\n\t\t\t\t\t\t\t\t\t<p>Pierre Cour est n\u00e9 en Avril 1916 \u00e0 Brunoy.\u00a0Avant de se lancer dans la chanson, il exerce plusieurs m\u00e9tiers dont ceux de moniteur d&rsquo;\u00e9ducation physique, com\u00e9dien, journaliste&#8230;..<\/p><p>Il signe beaucoup de textes pour diff\u00e9rents artistes mais\u00a0ne connait son\u00a0premier succ\u00e8s qu&rsquo;en 1952 avec \u00ab\u00a0Mon ami, mon ami\u00a0\u00bb interpr\u00e9t\u00e9e par Les compagnons de la chanson.<\/p><p>En 1958, Dalida lui chante \u00ab\u00a0Les gitans\u00a0\u00bb qui sera un grand succ\u00e8s lui conf\u00e9rant une notori\u00e9t\u00e9 indiscutable.<\/p><p>A partir de 1961 et avec l&rsquo;arriv\u00e9e des y\u00e9-y\u00e9, ce sont Sacha Distel, France Gall, Dick Rivers et Petula Clark qui s&rsquo;inscrivent dans la longue liste des artistes qui chantent Pierre Cour.<\/p><p>En 1967, c&rsquo;est Paul Mauriat qui le fera conna\u00eetre aux Etats Unis avec la version instrumentale de \u00ab\u00a0L&rsquo;amour est bleu\u00a0\u00bb. Cette chanson est chant\u00e9e par Mich\u00e8le Torr, Vicky L\u00e9andros et les compagnons de la chanson.<\/p><p>Sa collaboration avec Enrico Macias commence en 1964 avec \u00ab\u00a0Les filles de mon pays\u00a0\u00bb, \u00ab\u00a0La lavande\u00a0\u00bb, \u00ab\u00a0Le jour de ton mariage\u00a0\u00bb, \u00ab\u00a0Paris s&rsquo;allume\u00a0\u00bb, \u00ab\u00a0La vie dans la vie\u00a0\u00bb et bien d&rsquo;autres.<\/p><p>Pierre Cour meurt en 1995 \u00e0 l&rsquo;\u00e2ge de 79 ans en laissant derri\u00e8re lui des centaines de chansons dont certaines sont de v\u00e9ritables succ\u00e8s qui resteront dans les r\u00e9pertoires des grands interpr\u00e8tes fran\u00e7ais.<\/p>\t\t\t\t\t\t\t\t<\/div>\n\t\t\t\t<\/div>\n\t\t\t\t\t<\/div>\n\t\t<\/div>\n\t\t\t\t\t<\/div>\n\t\t<\/section>\n\t\t\t\t<section class=\"elementor-section elementor-top-section elementor-element elementor-element-556807d elementor-section-boxed elementor-section-height-default elementor-section-height-default rael-particle-no\" data-id=\"556807d\" data-element_type=\"section\" data-e-type=\"section\" data-settings=\"{&quot;rae_animations_entrance&quot;:&quot;none&quot;}\">\n\t\t\t\t\t\t<div class=\"elementor-container elementor-column-gap-default\">\n\t\t\t\t\t<div class=\"elementor-column elementor-col-100 elementor-top-column elementor-element elementor-element-76b78e9 rael-particle-no\" data-id=\"76b78e9\" data-element_type=\"column\" data-e-type=\"column\">\n\t\t\t<div class=\"elementor-widget-wrap elementor-element-populated\">\n\t\t\t\t\t\t<div class=\"elementor-element elementor-element-b0e58b2 elementor-widget elementor-widget-image\" data-id=\"b0e58b2\" data-element_type=\"widget\" data-e-type=\"widget\" data-widget_type=\"image.default\">\n\t\t\t\t<div class=\"elementor-widget-container\">\n\t\t\t\t\t\t\t\t\t\t\t\t\t\t\t<img decoding=\"async\" width=\"457\" height=\"27\" src=\"https:\/\/enricomaciasloriental.fr\/WordPress\/wp-content\/uploads\/\/2020\/12\/ligne_musique001.gif\" class=\"attachment-large size-large wp-image-14593\" alt=\"\" \/>\t\t\t\t\t\t\t\t\t\t\t\t\t\t\t<\/div>\n\t\t\t\t<\/div>\n\t\t\t\t\t<\/div>\n\t\t<\/div>\n\t\t\t\t\t<\/div>\n\t\t<\/section>\n\t\t\t\t<\/div>\n\t\t","protected":false},"excerpt":{"rendered":"<p>Jacques Demarny https:\/\/enricomaciasloriental.fr\/WordPress\/wp-content\/uploads\/\/2020\/12\/lesgensdunordweb2.mp3 Enrico Macias en compagnie de Jacques Demarny et son \u00e9pouseOlympia novembre 2006 On ne peut parler d&rsquo; Enrico Macias sans y associer son ami et complice, son fr\u00e8re, Jacques Demarny. Jacques Demarny est n\u00e9 \u00e0 Paris en &hellip;<\/p>\n<p class=\"read-more\"> <a class=\"more-link\" href=\"https:\/\/enricomaciasloriental.fr\/WordPress\/auteurs-et-compositeurs\/\"> <span class=\"screen-reader-text\">Auteurs et compositeurs<\/span> Read More &raquo;<\/a><\/p>\n","protected":false},"author":36,"featured_media":14505,"parent":0,"menu_order":0,"comment_status":"closed","ping_status":"closed","template":"elementor_header_footer","meta":{"footnotes":""},"class_list":["post-14815","page","type-page","status-publish","has-post-thumbnail","hentry"],"yoast_head":"<!-- This site is optimized with the Yoast SEO plugin v27.4 - https:\/\/yoast.com\/product\/yoast-seo-wordpress\/ -->\n<title>Auteurs et compositeurs - ENRICO MACIAS L&#039;Oriental<\/title>\n<meta name=\"robots\" content=\"index, follow, max-snippet:-1, max-image-preview:large, max-video-preview:-1\" \/>\n<link rel=\"canonical\" href=\"https:\/\/enricomaciasloriental.fr\/WordPress\/auteurs-et-compositeurs\/\" \/>\n<meta property=\"og:locale\" content=\"fr_FR\" \/>\n<meta property=\"og:type\" content=\"article\" \/>\n<meta property=\"og:title\" content=\"Auteurs et compositeurs - ENRICO MACIAS L&#039;Oriental\" \/>\n<meta property=\"og:description\" content=\"Jacques Demarny https:\/\/enricomaciasloriental.fr\/WordPress\/wp-content\/uploads\/\/2020\/12\/lesgensdunordweb2.mp3 Enrico Macias en compagnie de Jacques Demarny et son \u00e9pouseOlympia novembre 2006 On ne peut parler d&rsquo; Enrico Macias sans y associer son ami et complice, son fr\u00e8re, Jacques Demarny. Jacques Demarny est n\u00e9 \u00e0 Paris en &hellip; Auteurs et compositeurs Read More &raquo;\" \/>\n<meta property=\"og:url\" content=\"https:\/\/enricomaciasloriental.fr\/WordPress\/auteurs-et-compositeurs\/\" \/>\n<meta property=\"og:site_name\" content=\"ENRICO MACIAS L&#039;Oriental\" \/>\n<meta property=\"article:modified_time\" content=\"2020-12-14T17:33:26+00:00\" \/>\n<meta property=\"og:image\" content=\"https:\/\/enricomaciasloriental.fr\/WordPress\/wp-content\/uploads\/\/2020\/12\/enricomaciasjacquesdemarny.jpg\" \/>\n\t<meta property=\"og:image:width\" content=\"600\" \/>\n\t<meta property=\"og:image:height\" content=\"399\" \/>\n\t<meta property=\"og:image:type\" content=\"image\/jpeg\" \/>\n<meta name=\"twitter:card\" content=\"summary_large_image\" \/>\n<meta name=\"twitter:label1\" content=\"Dur\u00e9e de lecture estim\u00e9e\" \/>\n\t<meta name=\"twitter:data1\" content=\"9 minutes\" \/>\n<script type=\"application\/ld+json\" class=\"yoast-schema-graph\">{\"@context\":\"https:\\\/\\\/schema.org\",\"@graph\":[{\"@type\":\"WebPage\",\"@id\":\"https:\\\/\\\/enricomaciasloriental.fr\\\/WordPress\\\/auteurs-et-compositeurs\\\/\",\"url\":\"https:\\\/\\\/enricomaciasloriental.fr\\\/WordPress\\\/auteurs-et-compositeurs\\\/\",\"name\":\"Auteurs et compositeurs - ENRICO MACIAS L&#039;Oriental\",\"isPartOf\":{\"@id\":\"https:\\\/\\\/enricomaciasloriental.fr\\\/WordPress\\\/#website\"},\"primaryImageOfPage\":{\"@id\":\"https:\\\/\\\/enricomaciasloriental.fr\\\/WordPress\\\/auteurs-et-compositeurs\\\/#primaryimage\"},\"image\":{\"@id\":\"https:\\\/\\\/enricomaciasloriental.fr\\\/WordPress\\\/auteurs-et-compositeurs\\\/#primaryimage\"},\"thumbnailUrl\":\"https:\\\/\\\/enricomaciasloriental.fr\\\/WordPress\\\/wp-content\\\/uploads\\\/\\\/2020\\\/12\\\/enricomaciasjacquesdemarny.jpg\",\"datePublished\":\"2020-12-14T17:22:20+00:00\",\"dateModified\":\"2020-12-14T17:33:26+00:00\",\"breadcrumb\":{\"@id\":\"https:\\\/\\\/enricomaciasloriental.fr\\\/WordPress\\\/auteurs-et-compositeurs\\\/#breadcrumb\"},\"inLanguage\":\"fr-FR\",\"potentialAction\":[{\"@type\":\"ReadAction\",\"target\":[\"https:\\\/\\\/enricomaciasloriental.fr\\\/WordPress\\\/auteurs-et-compositeurs\\\/\"]}]},{\"@type\":\"ImageObject\",\"inLanguage\":\"fr-FR\",\"@id\":\"https:\\\/\\\/enricomaciasloriental.fr\\\/WordPress\\\/auteurs-et-compositeurs\\\/#primaryimage\",\"url\":\"https:\\\/\\\/enricomaciasloriental.fr\\\/WordPress\\\/wp-content\\\/uploads\\\/\\\/2020\\\/12\\\/enricomaciasjacquesdemarny.jpg\",\"contentUrl\":\"https:\\\/\\\/enricomaciasloriental.fr\\\/WordPress\\\/wp-content\\\/uploads\\\/\\\/2020\\\/12\\\/enricomaciasjacquesdemarny.jpg\",\"width\":600,\"height\":399},{\"@type\":\"BreadcrumbList\",\"@id\":\"https:\\\/\\\/enricomaciasloriental.fr\\\/WordPress\\\/auteurs-et-compositeurs\\\/#breadcrumb\",\"itemListElement\":[{\"@type\":\"ListItem\",\"position\":1,\"name\":\"Accueil\",\"item\":\"https:\\\/\\\/enricomaciasloriental.fr\\\/WordPress\\\/\"},{\"@type\":\"ListItem\",\"position\":2,\"name\":\"Auteurs et compositeurs\"}]},{\"@type\":\"WebSite\",\"@id\":\"https:\\\/\\\/enricomaciasloriental.fr\\\/WordPress\\\/#website\",\"url\":\"https:\\\/\\\/enricomaciasloriental.fr\\\/WordPress\\\/\",\"name\":\"ENRICO MACIAS L'Oriental\",\"description\":\"IL EST COMME LE SOLEIL\",\"publisher\":{\"@id\":\"https:\\\/\\\/enricomaciasloriental.fr\\\/WordPress\\\/#\\\/schema\\\/person\\\/53fba112c6f4f0b335578890a816262e\"},\"potentialAction\":[{\"@type\":\"SearchAction\",\"target\":{\"@type\":\"EntryPoint\",\"urlTemplate\":\"https:\\\/\\\/enricomaciasloriental.fr\\\/WordPress\\\/?s={search_term_string}\"},\"query-input\":{\"@type\":\"PropertyValueSpecification\",\"valueRequired\":true,\"valueName\":\"search_term_string\"}}],\"inLanguage\":\"fr-FR\"},{\"@type\":[\"Person\",\"Organization\"],\"@id\":\"https:\\\/\\\/enricomaciasloriental.fr\\\/WordPress\\\/#\\\/schema\\\/person\\\/53fba112c6f4f0b335578890a816262e\",\"name\":\"Loriental\",\"image\":{\"@type\":\"ImageObject\",\"inLanguage\":\"fr-FR\",\"@id\":\"https:\\\/\\\/enricomaciasloriental.fr\\\/WordPress\\\/wp-content\\\/uploads\\\/\\\/2015\\\/02\\\/cropped-bannier_altaiir-enrico.jpg\",\"url\":\"https:\\\/\\\/enricomaciasloriental.fr\\\/WordPress\\\/wp-content\\\/uploads\\\/\\\/2015\\\/02\\\/cropped-bannier_altaiir-enrico.jpg\",\"contentUrl\":\"https:\\\/\\\/enricomaciasloriental.fr\\\/WordPress\\\/wp-content\\\/uploads\\\/\\\/2015\\\/02\\\/cropped-bannier_altaiir-enrico.jpg\",\"width\":1200,\"height\":150,\"caption\":\"Loriental\"},\"logo\":{\"@id\":\"https:\\\/\\\/enricomaciasloriental.fr\\\/WordPress\\\/wp-content\\\/uploads\\\/\\\/2015\\\/02\\\/cropped-bannier_altaiir-enrico.jpg\"},\"sameAs\":[\"http:\\\/\\\/www.enricomaciasloriental.fr\\\/\"]}]}<\/script>\n<!-- \/ Yoast SEO plugin. -->","yoast_head_json":{"title":"Auteurs et compositeurs - ENRICO MACIAS L&#039;Oriental","robots":{"index":"index","follow":"follow","max-snippet":"max-snippet:-1","max-image-preview":"max-image-preview:large","max-video-preview":"max-video-preview:-1"},"canonical":"https:\/\/enricomaciasloriental.fr\/WordPress\/auteurs-et-compositeurs\/","og_locale":"fr_FR","og_type":"article","og_title":"Auteurs et compositeurs - ENRICO MACIAS L&#039;Oriental","og_description":"Jacques Demarny https:\/\/enricomaciasloriental.fr\/WordPress\/wp-content\/uploads\/\/2020\/12\/lesgensdunordweb2.mp3 Enrico Macias en compagnie de Jacques Demarny et son \u00e9pouseOlympia novembre 2006 On ne peut parler d&rsquo; Enrico Macias sans y associer son ami et complice, son fr\u00e8re, Jacques Demarny. Jacques Demarny est n\u00e9 \u00e0 Paris en &hellip; Auteurs et compositeurs Read More &raquo;","og_url":"https:\/\/enricomaciasloriental.fr\/WordPress\/auteurs-et-compositeurs\/","og_site_name":"ENRICO MACIAS L&#039;Oriental","article_modified_time":"2020-12-14T17:33:26+00:00","og_image":[{"width":600,"height":399,"url":"https:\/\/enricomaciasloriental.fr\/WordPress\/wp-content\/uploads\/\/2020\/12\/enricomaciasjacquesdemarny.jpg","type":"image\/jpeg"}],"twitter_card":"summary_large_image","twitter_misc":{"Dur\u00e9e de lecture estim\u00e9e":"9 minutes"},"schema":{"@context":"https:\/\/schema.org","@graph":[{"@type":"WebPage","@id":"https:\/\/enricomaciasloriental.fr\/WordPress\/auteurs-et-compositeurs\/","url":"https:\/\/enricomaciasloriental.fr\/WordPress\/auteurs-et-compositeurs\/","name":"Auteurs et compositeurs - ENRICO MACIAS L&#039;Oriental","isPartOf":{"@id":"https:\/\/enricomaciasloriental.fr\/WordPress\/#website"},"primaryImageOfPage":{"@id":"https:\/\/enricomaciasloriental.fr\/WordPress\/auteurs-et-compositeurs\/#primaryimage"},"image":{"@id":"https:\/\/enricomaciasloriental.fr\/WordPress\/auteurs-et-compositeurs\/#primaryimage"},"thumbnailUrl":"https:\/\/enricomaciasloriental.fr\/WordPress\/wp-content\/uploads\/\/2020\/12\/enricomaciasjacquesdemarny.jpg","datePublished":"2020-12-14T17:22:20+00:00","dateModified":"2020-12-14T17:33:26+00:00","breadcrumb":{"@id":"https:\/\/enricomaciasloriental.fr\/WordPress\/auteurs-et-compositeurs\/#breadcrumb"},"inLanguage":"fr-FR","potentialAction":[{"@type":"ReadAction","target":["https:\/\/enricomaciasloriental.fr\/WordPress\/auteurs-et-compositeurs\/"]}]},{"@type":"ImageObject","inLanguage":"fr-FR","@id":"https:\/\/enricomaciasloriental.fr\/WordPress\/auteurs-et-compositeurs\/#primaryimage","url":"https:\/\/enricomaciasloriental.fr\/WordPress\/wp-content\/uploads\/\/2020\/12\/enricomaciasjacquesdemarny.jpg","contentUrl":"https:\/\/enricomaciasloriental.fr\/WordPress\/wp-content\/uploads\/\/2020\/12\/enricomaciasjacquesdemarny.jpg","width":600,"height":399},{"@type":"BreadcrumbList","@id":"https:\/\/enricomaciasloriental.fr\/WordPress\/auteurs-et-compositeurs\/#breadcrumb","itemListElement":[{"@type":"ListItem","position":1,"name":"Accueil","item":"https:\/\/enricomaciasloriental.fr\/WordPress\/"},{"@type":"ListItem","position":2,"name":"Auteurs et compositeurs"}]},{"@type":"WebSite","@id":"https:\/\/enricomaciasloriental.fr\/WordPress\/#website","url":"https:\/\/enricomaciasloriental.fr\/WordPress\/","name":"ENRICO MACIAS L'Oriental","description":"IL EST COMME LE SOLEIL","publisher":{"@id":"https:\/\/enricomaciasloriental.fr\/WordPress\/#\/schema\/person\/53fba112c6f4f0b335578890a816262e"},"potentialAction":[{"@type":"SearchAction","target":{"@type":"EntryPoint","urlTemplate":"https:\/\/enricomaciasloriental.fr\/WordPress\/?s={search_term_string}"},"query-input":{"@type":"PropertyValueSpecification","valueRequired":true,"valueName":"search_term_string"}}],"inLanguage":"fr-FR"},{"@type":["Person","Organization"],"@id":"https:\/\/enricomaciasloriental.fr\/WordPress\/#\/schema\/person\/53fba112c6f4f0b335578890a816262e","name":"Loriental","image":{"@type":"ImageObject","inLanguage":"fr-FR","@id":"https:\/\/enricomaciasloriental.fr\/WordPress\/wp-content\/uploads\/\/2015\/02\/cropped-bannier_altaiir-enrico.jpg","url":"https:\/\/enricomaciasloriental.fr\/WordPress\/wp-content\/uploads\/\/2015\/02\/cropped-bannier_altaiir-enrico.jpg","contentUrl":"https:\/\/enricomaciasloriental.fr\/WordPress\/wp-content\/uploads\/\/2015\/02\/cropped-bannier_altaiir-enrico.jpg","width":1200,"height":150,"caption":"Loriental"},"logo":{"@id":"https:\/\/enricomaciasloriental.fr\/WordPress\/wp-content\/uploads\/\/2015\/02\/cropped-bannier_altaiir-enrico.jpg"},"sameAs":["http:\/\/www.enricomaciasloriental.fr\/"]}]}},"featured_image_src":"https:\/\/enricomaciasloriental.fr\/WordPress\/wp-content\/uploads\/\/2020\/12\/enricomaciasjacquesdemarny.jpg","featured_image_src_square":"https:\/\/enricomaciasloriental.fr\/WordPress\/wp-content\/uploads\/\/2020\/12\/enricomaciasjacquesdemarny.jpg","rbea_author_info":{"display_name":"Loriental","author_link":"https:\/\/enricomaciasloriental.fr\/WordPress\/author\/admin9234\/"},"rbea_excerpt_info":"Jacques Demarny https:\/\/enricomaciasloriental.fr\/WordPress\/wp-content\/uploads\/\/2020\/12\/lesgensdunordweb2.mp3 Enrico Macias en compagnie de Jacques Demarny et son \u00e9pouseOlympia novembre 2006 On ne peut parler d&rsquo; Enrico Macias sans y associer son ami et complice, son fr\u00e8re, Jacques Demarny. Jacques Demarny est n\u00e9 \u00e0 Paris en &hellip;<p class=\"read-more\"> <a class=\"more-link\" href=\"https:\/\/enricomaciasloriental.fr\/WordPress\/auteurs-et-compositeurs\/\"> <span class=\"screen-reader-text\">Auteurs et compositeurs<\/span> Read More &raquo;<\/a><\/p>","_links":{"self":[{"href":"https:\/\/enricomaciasloriental.fr\/WordPress\/wp-json\/wp\/v2\/pages\/14815","targetHints":{"allow":["GET"]}}],"collection":[{"href":"https:\/\/enricomaciasloriental.fr\/WordPress\/wp-json\/wp\/v2\/pages"}],"about":[{"href":"https:\/\/enricomaciasloriental.fr\/WordPress\/wp-json\/wp\/v2\/types\/page"}],"author":[{"embeddable":true,"href":"https:\/\/enricomaciasloriental.fr\/WordPress\/wp-json\/wp\/v2\/users\/36"}],"replies":[{"embeddable":true,"href":"https:\/\/enricomaciasloriental.fr\/WordPress\/wp-json\/wp\/v2\/comments?post=14815"}],"version-history":[{"count":0,"href":"https:\/\/enricomaciasloriental.fr\/WordPress\/wp-json\/wp\/v2\/pages\/14815\/revisions"}],"wp:featuredmedia":[{"embeddable":true,"href":"https:\/\/enricomaciasloriental.fr\/WordPress\/wp-json\/wp\/v2\/media\/14505"}],"wp:attachment":[{"href":"https:\/\/enricomaciasloriental.fr\/WordPress\/wp-json\/wp\/v2\/media?parent=14815"}],"curies":[{"name":"wp","href":"https:\/\/api.w.org\/{rel}","templated":true}]}}